{"id":132,"date":"2019-03-30T00:54:28","date_gmt":"2019-03-29T23:54:28","guid":{"rendered":"http:\/\/labelledecoteaudulac.com\/?page_id=132"},"modified":"2025-09-16T18:54:01","modified_gmt":"2025-09-16T17:54:01","slug":"acceuil","status":"publish","type":"page","link":"https:\/\/labelledecoteaudulac.com\/en\/","title":{"rendered":"Welcome to the Belle of Coteau-du-Lac"},"content":{"rendered":"<div data-elementor-type=\"wp-page\" data-elementor-id=\"132\" class=\"elementor elementor-132\" data-elementor-post-type=\"page\">\n\t\t\t\t<div class=\"elementor-element elementor-element-451e58a7 e-flex e-con-boxed e-con e-parent\" data-id=\"451e58a7\" data-element_type=\"container\">\n\t\t\t\t\t<div class=\"e-con-inner\">\n\t\t\t\t<div class=\"elementor-element elementor-element-d97d188 elementor-widget elementor-widget-gallery\" data-id=\"d97d188\" data-element_type=\"widget\" data-settings=\",&quot;ideal_row_height_tablet&quot;:{&quot;unit&quot;:&quot;px&quot;,&quot;size&quot;:150,&quot;sizes&quot;:[]},&quot;ideal_row_height_mobile&quot;:{&quot;unit&quot;:&quot;px&quot;,&quot;size&quot;:150,&quot;sizes&quot;:[]},&quot;gap&quot;:{&quot;unit&quot;:&quot;px&quot;,&quot;size&quot;:10,&quot;sizes&quot;:[]},&quot;gap_tablet&quot;:{&quot;unit&quot;:&quot;px&quot;,&quot;size&quot;:10,&quot;sizes&quot;:[]},&quot;gap_mobile&quot;:{&quot;unit&quot;:&quot;px&quot;,&quot;size&quot;:10,&quot;sizes&quot;:[]},&quot;link_to&quot;:&quot;file&quot;,&quot;overlay_background&quot;:&quot;yes&quot;,&quot;content_hover_animation&quot;:&quot;fade-in&quot;}\" data-widget_type=\"gallery.default\">\n\t\t\t\t<div class=\"elementor-widget-container\">\n\t\t\t\t\t\t\t<div class=\"elementor-gallery__container\">\n\t\t\t\t\t\t\t<a class=\"e-gallery-item elementor-gallery-item elementor-animated-content\" href=\"https:\/\/i0.wp.com\/labelledecoteaudulac.com\/wp-content\/uploads\/2021\/05\/thumbnail_IMG_2165.jpg?fit=1000%2C1087&#038;ssl=1\" data-elementor-open-lightbox=\"yes\" data-elementor-lightbox-slideshow=\"d97d188\" data-elementor-lightbox-title=\"thumbnail_IMG_2165\" data-e-action-hash=\"#elementor-action%3Aaction%3Dlightbox%26settings%3DeyJpZCI6MTkzOCwidXJsIjoiaHR0cHM6XC9cL2xhYmVsbGVkZWNvdGVhdWR1bGFjLmNvbVwvd3AtY29udGVudFwvdXBsb2Fkc1wvMjAyMVwvMDVcL3RodW1ibmFpbF9JTUdfMjE2NS5qcGciLCJzbGlkZXNob3ciOiJkOTdkMTg4In0%3D\">\n\t\t\t\t\t<div class=\"e-gallery-image elementor-gallery-item__image\" data-thumbnail=\"https:\/\/i0.wp.com\/labelledecoteaudulac.com\/wp-content\/uploads\/2021\/05\/thumbnail_IMG_2165.jpg?fit=276%2C300&amp;ssl=1\" data-width=\"276\" data-height=\"300\" aria-label=\"\" role=\"img\" ><\/div>\n\t\t\t\t\t\t\t\t\t\t\t<div class=\"elementor-gallery-item__overlay\"><\/div>\n\t\t\t\t\t\t\t\t\t\t\t\t\t\t<\/a>\n\t\t\t\t\t\t\t<a class=\"e-gallery-item elementor-gallery-item elementor-animated-content\" href=\"https:\/\/i0.wp.com\/labelledecoteaudulac.com\/wp-content\/uploads\/2022\/06\/thumbnail_IMG_0781-1.jpg?fit=960%2C1280&#038;ssl=1\" data-elementor-open-lightbox=\"yes\" data-elementor-lightbox-slideshow=\"d97d188\" data-elementor-lightbox-title=\"thumbnail_IMG_0781-1\" data-e-action-hash=\"#elementor-action%3Aaction%3Dlightbox%26settings%3DeyJpZCI6MzA2MywidXJsIjoiaHR0cHM6XC9cL2xhYmVsbGVkZWNvdGVhdWR1bGFjLmNvbVwvd3AtY29udGVudFwvdXBsb2Fkc1wvMjAyMlwvMDZcL3RodW1ibmFpbF9JTUdfMDc4MS0xLmpwZyIsInNsaWRlc2hvdyI6ImQ5N2QxODgifQ%3D%3D\">\n\t\t\t\t\t<div class=\"e-gallery-image elementor-gallery-item__image\" data-thumbnail=\"https:\/\/i0.wp.com\/labelledecoteaudulac.com\/wp-content\/uploads\/2022\/06\/thumbnail_IMG_0781-1.jpg?fit=225%2C300&amp;ssl=1\" data-width=\"225\" data-height=\"300\" aria-label=\"\" role=\"img\" ><\/div>\n\t\t\t\t\t\t\t\t\t\t\t<div class=\"elementor-gallery-item__overlay\"><\/div>\n\t\t\t\t\t\t\t\t\t\t\t\t\t\t<\/a>\n\t\t\t\t\t\t\t<a class=\"e-gallery-item elementor-gallery-item elementor-animated-content\" href=\"https:\/\/i0.wp.com\/labelledecoteaudulac.com\/wp-content\/uploads\/2021\/06\/thumbnail_IMG_1884.png?fit=1280%2C960&#038;ssl=1\" data-elementor-open-lightbox=\"yes\" data-elementor-lightbox-slideshow=\"d97d188\" data-elementor-lightbox-title=\"thumbnail_IMG_1884\" data-e-action-hash=\"#elementor-action%3Aaction%3Dlightbox%26settings%3DeyJpZCI6MjAxOCwidXJsIjoiaHR0cHM6XC9cL2xhYmVsbGVkZWNvdGVhdWR1bGFjLmNvbVwvd3AtY29udGVudFwvdXBsb2Fkc1wvMjAyMVwvMDZcL3RodW1ibmFpbF9JTUdfMTg4NC5wbmciLCJzbGlkZXNob3ciOiJkOTdkMTg4In0%3D\">\n\t\t\t\t\t<div class=\"e-gallery-image elementor-gallery-item__image\" data-thumbnail=\"https:\/\/i0.wp.com\/labelledecoteaudulac.com\/wp-content\/uploads\/2021\/06\/thumbnail_IMG_1884.png?fit=300%2C225&amp;ssl=1\" data-width=\"300\" data-height=\"225\" aria-label=\"\" role=\"img\" ><\/div>\n\t\t\t\t\t\t\t\t\t\t\t<div class=\"elementor-gallery-item__overlay\"><\/div>\n\t\t\t\t\t\t\t\t\t\t\t\t\t\t<\/a>\n\t\t\t\t\t\t\t<a class=\"e-gallery-item elementor-gallery-item elementor-animated-content\" href=\"https:\/\/i0.wp.com\/labelledecoteaudulac.com\/wp-content\/uploads\/2024\/07\/jason-1.jpg?fit=1274%2C1931&#038;ssl=1\" data-elementor-open-lightbox=\"yes\" data-elementor-lightbox-slideshow=\"d97d188\" data-elementor-lightbox-title=\"jason\" data-e-action-hash=\"#elementor-action%3Aaction%3Dlightbox%26settings%3DeyJpZCI6NTIxNCwidXJsIjoiaHR0cHM6XC9cL2xhYmVsbGVkZWNvdGVhdWR1bGFjLmNvbVwvd3AtY29udGVudFwvdXBsb2Fkc1wvMjAyNFwvMDdcL2phc29uLTEuanBnIiwic2xpZGVzaG93IjoiZDk3ZDE4OCJ9\">\n\t\t\t\t\t<div class=\"e-gallery-image elementor-gallery-item__image\" data-thumbnail=\"https:\/\/i0.wp.com\/labelledecoteaudulac.com\/wp-content\/uploads\/2024\/07\/jason-1.jpg?fit=198%2C300&amp;ssl=1\" data-width=\"198\" data-height=\"300\" aria-label=\"\" role=\"img\" ><\/div>\n\t\t\t\t\t\t\t\t\t\t\t<div class=\"elementor-gallery-item__overlay\"><\/div>\n\t\t\t\t\t\t\t\t\t\t\t\t\t\t<\/a>\n\t\t\t\t\t<\/div>\n\t\t\t\t\t<\/div>\n\t\t\t\t<\/div>\n\t\t\t\t<div class=\"elementor-element elementor-element-500d64ac elementor-widget elementor-widget-text-editor\" data-id=\"500d64ac\" data-element_type=\"widget\" data-widget_type=\"text-editor.default\">\n\t\t\t\t<div class=\"elementor-widget-container\">\n\t\t\t\t\t\t\t\t\t<div class=\"wp-block-group\">\n<p><\/p>\n<p class=\"has-tajawal-font-family has-custom-font has-custom-lineheight has-custom-letterspacing wp-block-paragraph\" style=\"font-family: Tajawal; line-height: 1.41; letter-spacing: 0.1px; font-size: 17px;\">Welcome to La Belle de Coteau-du-Lac, where a passion for agriculture meets the joy of discovery!\nSince 2015, La Belle de Coteau-du-Lac has been passionately cultivating a variety of berries and vegetables. Since 2018, our family farm, nestled in the heart of the Mont\u00e9r\u00e9gie region, has been offering you a unique and authentic agritourism experience in Quebec.<\/p>\n<p><\/p>\n<p><\/p>\n<p class=\"has-tajawal-font-family has-custom-font has-custom-lineheight has-custom-letterspacing wp-block-paragraph\" style=\"font-family: Tajawal; line-height: 1.41; letter-spacing: 0.1px; font-size: 17px;\">Beyond selling <a href=\"https:\/\/labelledecoteaudulac.com\/en\/la-belle-de-coteau-du-lac\/\">fresh and delicious products<\/a> in our store, we offer a multitude of activities for the whole family:<\/p>\n<p><\/p>\n<p><\/p>\n<div class=\"wp-block-media-text is-stacked-on-mobile is-image-fill\" style=\"grid-template-columns: 37% auto;\">\n<figure class=\"wp-block-media-text__media\" style=\"background-image: url('https:\/\/labelledecoteaudulac.com\/wp-content\/uploads\/2024\/05\/DSC_3200-683x1024.jpg'); background-position: 58% 26%;\"><img fetchpriority=\"high\" decoding=\"async\" data-attachment-id=\"4731\" data-permalink=\"https:\/\/labelledecoteaudulac.com\/en\/lefestifleurs\/dsc_3200\/\" data-orig-file=\"https:\/\/i0.wp.com\/labelledecoteaudulac.com\/wp-content\/uploads\/2024\/05\/DSC_3200.jpg?fit=2400%2C3600&amp;ssl=1\" data-orig-size=\"2400,3600\" data-comments-opened=\"1\" data-image-meta=\"{&quot;aperture&quot;:&quot;0&quot;,&quot;credit&quot;:&quot;Valerie Provost&quot;,&quot;camera&quot;:&quot;&quot;,&quot;caption&quot;:&quot;&quot;,&quot;created_timestamp&quot;:&quot;0&quot;,&quot;copyright&quot;:&quot;Valerie Provost Photography 2021&quot;,&quot;focal_length&quot;:&quot;0&quot;,&quot;iso&quot;:&quot;0&quot;,&quot;shutter_speed&quot;:&quot;0&quot;,&quot;title&quot;:&quot;&quot;,&quot;orientation&quot;:&quot;0&quot;}\" data-image-title=\"DSC_3200\" data-image-description=\"\" data-image-caption=\"\" data-medium-file=\"https:\/\/i0.wp.com\/labelledecoteaudulac.com\/wp-content\/uploads\/2024\/05\/DSC_3200.jpg?fit=200%2C300&amp;ssl=1\" data-large-file=\"https:\/\/i0.wp.com\/labelledecoteaudulac.com\/wp-content\/uploads\/2024\/05\/DSC_3200.jpg?fit=683%2C1024&amp;ssl=1\" data-recalc-dims=\"1\" height=\"1024\" width=\"683\" class=\"wp-image-4731 size-full\" src=\"https:\/\/i0.wp.com\/labelledecoteaudulac.com\/wp-content\/uploads\/2024\/05\/DSC_3200.jpg?resize=683%2C1024&#038;ssl=1\" alt=\"\" srcset=\"https:\/\/i0.wp.com\/labelledecoteaudulac.com\/wp-content\/uploads\/2024\/05\/DSC_3200.jpg?w=2400&amp;ssl=1 2400w, https:\/\/i0.wp.com\/labelledecoteaudulac.com\/wp-content\/uploads\/2024\/05\/DSC_3200.jpg?resize=200%2C300&amp;ssl=1 200w, https:\/\/i0.wp.com\/labelledecoteaudulac.com\/wp-content\/uploads\/2024\/05\/DSC_3200.jpg?resize=683%2C1024&amp;ssl=1 683w, https:\/\/i0.wp.com\/labelledecoteaudulac.com\/wp-content\/uploads\/2024\/05\/DSC_3200.jpg?resize=768%2C1152&amp;ssl=1 768w, https:\/\/i0.wp.com\/labelledecoteaudulac.com\/wp-content\/uploads\/2024\/05\/DSC_3200.jpg?resize=1024%2C1536&amp;ssl=1 1024w, https:\/\/i0.wp.com\/labelledecoteaudulac.com\/wp-content\/uploads\/2024\/05\/DSC_3200.jpg?resize=1365%2C2048&amp;ssl=1 1365w, https:\/\/i0.wp.com\/labelledecoteaudulac.com\/wp-content\/uploads\/2024\/05\/DSC_3200.jpg?resize=1200%2C1800&amp;ssl=1 1200w, https:\/\/i0.wp.com\/labelledecoteaudulac.com\/wp-content\/uploads\/2024\/05\/DSC_3200.jpg?w=1650&amp;ssl=1 1650w\" sizes=\"(max-width: 683px) 100vw, 683px\" \/><\/figure>\n<div class=\"wp-block-media-text__content\">\n<p><\/p>\n<p class=\"has-text-align-center wp-block-paragraph\"><strong>Summer Activities: <\/strong><\/p>\n<p><\/p>\n<p><\/p>\n<p class=\"has-tajawal-font-family has-custom-font has-custom-lineheight has-custom-letterspacing wp-block-paragraph\" style=\"font-family: Tajawal; line-height: 1.41; letter-spacing: 0.1px; font-size: 15px;\"><strong><a href=\"https:\/\/labelledecoteaudulac.com\/en\/auto-cueilette-de-fraises\/\">Strawberries U-pick:<\/a><\/strong>\u00a0Fill your baskets with fresh and delicious red fruits picked directly from the plant and <strong>take advantage of our facilities<\/strong>, such as <strong>the games and picnic area, the FestiLunch<\/strong> as well as the <strong>corn maze<\/strong>.<\/p>\n<p><\/p>\n<p><\/p>\n<p class=\"has-tajawal-font-family has-custom-font has-custom-lineheight has-custom-letterspacing wp-block-paragraph\" style=\"font-family: Tajawal; line-height: 1.41; letter-spacing: 0.1px; font-size: 15px;\"><a href=\"https:\/\/labelledecoteaudulac.com\/en\/festifleurs-2022\/\"><strong>FestiFleurs:<\/strong>\u00a0<\/a>Admire our <strong>gigantic fields in bloom <\/strong>and enjoy a host of family activities, including<strong>U-pick flowers, a play and picnic area, FestiLunch and the corn maze<\/strong>.<\/p>\n<p><\/p>\n<p><\/p>\n<p class=\"has-tajawal-font-family has-custom-font has-custom-lineheight has-custom-letterspacing wp-block-paragraph\" style=\"font-family: Tajawal; line-height: 1.41; letter-spacing: 0.1px; font-size: 15px;\"><strong><a href=\"https:\/\/labelledecoteaudulac.com\/en\/tournesols-en-fleurs\/\">Sunflowers weekend:<\/a><\/strong>\u00a0Take a stroll through our <strong>immense field of sunflowers and explore our village in the heart of flowers,<\/strong> capture unforgettable photos thanks to our numerous photobooth settings and take advantage of all our facilities such as <strong>pick-your-own flowers, play and picnic area, FestiLunch<\/strong> as well as the <strong>corn maze.<\/strong><\/p>\n<p><\/p>\n<\/div>\n<\/div>\n<p><\/p>\n<p><\/p>\n<div class=\"wp-block-spacer\" style=\"height: 33px;\" aria-hidden=\"true\">\u00a0<\/div>\n<p><\/p>\n<p><\/p>\n<div class=\"wp-block-media-text has-media-on-the-right is-stacked-on-mobile is-image-fill\" style=\"grid-template-columns: auto 40%;\">\n<div class=\"wp-block-media-text__content\">\n<p><\/p>\n<p class=\"has-text-align-center wp-block-paragraph\"><strong>Fall Activities: <\/strong><\/p>\n<p><\/p>\n<p><\/p>\n<p class=\"has-tajawal-font-family has-custom-font has-custom-lineheight has-custom-letterspacing wp-block-paragraph\" style=\"font-family: Tajawal; line-height: 1.41; letter-spacing: 0.1px; font-size: 15px;\"><strong><a href=\"https:\/\/labelledecoteaudulac.com\/en\/festivhalloween-autocueillette-labyrinthe\/\">Festiv\u2019Halloween \u2013 Pumpkin Picking &amp; Maze:<\/a><\/strong> Find it <strong>pumpkin<\/strong> perfect for your decorations! Also pick your ears of <strong>popcorn<\/strong> and decorative, as well as our <strong>potted chrysanthemums<\/strong>. Challenge yourself in our corn maze, admire the Halloween decorations in broad daylight. Also take advantage of all our facilities such as <strong>the games and picnic area and the FestiLunch.<\/strong><\/p>\n<p><\/p>\n<p><\/p>\n<p class=\"has-tajawal-font-family has-custom-font has-custom-lineheight has-custom-letterspacing wp-block-paragraph\" style=\"font-family: Tajawal; line-height: 1.41; letter-spacing: 0.1px; font-size: 15px;\"><strong><a href=\"https:\/\/labelledecoteaudulac.com\/en\/festivhalloween-sons-lumieres\/\">Festiv\u2019Halloween \u2013 Sound &amp; Light Labyrinth:<\/a><\/strong> Discover a unique immersive experience in our decorated corn maze! The ideal activity for <strong>for those who prefer to avoid surprises. <\/strong>Take advantage of our lit fields to pick your pumpkins in the evening. Share your thrills around a <strong>fire<\/strong> in our vast space of<strong> FestiLunch and the playground and picnic area, <\/strong>beautifully lit.<\/p>\n<p><\/p>\n<p><\/p>\n<p class=\"has-tajawal-font-family has-custom-font has-custom-lineheight has-custom-letterspacing wp-block-paragraph\" style=\"font-family: Tajawal; line-height: 1.41; letter-spacing: 0.1px; font-size: 15px;\"><strong><a href=\"https:\/\/labelledecoteaudulac.com\/en\/festivhalloween-domaine-maudit\/\">Festiv&#039;Halloween \u2013 Cursed Domain &amp; The Abominable Labyrinth:<\/a><\/strong> Try the haunted domain with <strong>indoor and outdoor courses<\/strong> as well as our<strong> corn maze<\/strong> And <strong>live a terrifying experience <\/strong>which will make you shiver! Share your stories of terror around a <strong>fire<\/strong> in our furnished space <strong>FestiLunch<\/strong> for the occasion.<\/p>\n<p><\/p>\n<\/div>\n<figure class=\"wp-block-media-text__media\" style=\"background-image: url('https:\/\/labelledecoteaudulac.com\/wp-content\/uploads\/2021\/09\/thumbnail_IMG_2475-686x1024.jpg'); background-position: 62% 65%;\"><img decoding=\"async\" data-attachment-id=\"2423\" data-permalink=\"https:\/\/labelledecoteaudulac.com\/en\/?attachment_id=2423\" data-orig-file=\"https:\/\/i0.wp.com\/labelledecoteaudulac.com\/wp-content\/uploads\/2021\/09\/thumbnail_IMG_2475.jpg?fit=858%2C1280&amp;ssl=1\" data-orig-size=\"858,1280\" data-comments-opened=\"1\" data-image-meta=\"{&quot;aperture&quot;:&quot;0&quot;,&quot;credit&quot;:&quot;&quot;,&quot;camera&quot;:&quot;&quot;,&quot;caption&quot;:&quot;&quot;,&quot;created_timestamp&quot;:&quot;0&quot;,&quot;copyright&quot;:&quot;&quot;,&quot;focal_length&quot;:&quot;0&quot;,&quot;iso&quot;:&quot;0&quot;,&quot;shutter_speed&quot;:&quot;0&quot;,&quot;title&quot;:&quot;&quot;,&quot;orientation&quot;:&quot;0&quot;}\" data-image-title=\"thumbnail_IMG_2475\" data-image-description=\"\" data-image-caption=\"\" data-medium-file=\"https:\/\/i0.wp.com\/labelledecoteaudulac.com\/wp-content\/uploads\/2021\/09\/thumbnail_IMG_2475.jpg?fit=201%2C300&amp;ssl=1\" data-large-file=\"https:\/\/i0.wp.com\/labelledecoteaudulac.com\/wp-content\/uploads\/2021\/09\/thumbnail_IMG_2475.jpg?fit=686%2C1024&amp;ssl=1\" data-recalc-dims=\"1\" height=\"1024\" width=\"686\" class=\"wp-image-2423 size-full\" src=\"https:\/\/i0.wp.com\/labelledecoteaudulac.com\/wp-content\/uploads\/2021\/09\/thumbnail_IMG_2475.jpg?resize=686%2C1024&#038;ssl=1\" alt=\"\" srcset=\"https:\/\/i0.wp.com\/labelledecoteaudulac.com\/wp-content\/uploads\/2021\/09\/thumbnail_IMG_2475.jpg?w=858&amp;ssl=1 858w, https:\/\/i0.wp.com\/labelledecoteaudulac.com\/wp-content\/uploads\/2021\/09\/thumbnail_IMG_2475.jpg?resize=201%2C300&amp;ssl=1 201w, https:\/\/i0.wp.com\/labelledecoteaudulac.com\/wp-content\/uploads\/2021\/09\/thumbnail_IMG_2475.jpg?resize=686%2C1024&amp;ssl=1 686w, https:\/\/i0.wp.com\/labelledecoteaudulac.com\/wp-content\/uploads\/2021\/09\/thumbnail_IMG_2475.jpg?resize=768%2C1146&amp;ssl=1 768w\" sizes=\"(max-width: 686px) 100vw, 686px\" \/><\/figure>\n<\/div>\n<p><\/p>\n<p><\/p>\n<div class=\"wp-block-spacer\" style=\"height: 33px;\" aria-hidden=\"true\">\u00a0<\/div>\n<p><\/p>\n<p><\/p>\n<p class=\"has-text-align-left has-tajawal-font-family has-custom-font has-custom-lineheight has-custom-letterspacing wp-block-paragraph\" style=\"font-family: Tajawal; line-height: 1.41; letter-spacing: 0.1px; font-size: 17px;\"><strong>Please note that our farm is open seasonally.<\/strong>\u00a0Hours of operation and activity availability vary depending on the time of year. Please check our event calendar and farm store hours below.<\/p>\n<p><\/p>\n<p><\/p>\n<hr class=\"wp-block-separator has-alpha-channel-opacity\" \/>\n<p><\/p>\n<p><\/p>\n<h3 class=\"wp-block-heading has-text-align-center has-noto-sans-font-family has-custom-font has-custom-lineheight has-custom-letterspacing\" style=\"font-family: Noto Sans; line-height: 1.62; letter-spacing: 1.2px; font-size: 24px;\"><strong>La Belle Event Dates \u2013 Season 2025! <\/strong><\/h3>\n<p><\/p>\n<p><\/p>\n<p class=\"has-text-align-center has-tajawal-font-family has-custom-font has-custom-lineheight has-custom-letterspacing wp-block-paragraph\" style=\"font-family: Tajawal; line-height: 1.41; letter-spacing: 0.1px; font-size: 15px;\">You will find the relevant information on the respective pages of these events!<\/p>\n<p><\/p>\n<p><\/p>\n<figure class=\"wp-block-table is-style-stripes\">\n<table style=\"height: 813px;\" width=\"972\">\n<tbody>\n<tr>\n<td class=\"has-text-align-center\" data-align=\"center\"><strong>July 18, 19 &amp; 20 \u00a0 \u00a0 \u00a0 \u00a0 \u00a0 \u00a0<\/strong><\/td>\n<td class=\"has-text-align-center\" data-align=\"center\"><em><a href=\"https:\/\/labelledecoteaudulac.com\/en\/festifleurs-2022\/\">FestiFleurs<\/a><\/em> <em>&amp; <a href=\"https:\/\/labelledecoteaudulac.com\/en\/auto-cueilette-de-fraises\/\">Strawberry U-Pick<\/a><\/em><\/td>\n<td>\u00a0<\/td>\n<td class=\"has-text-align-center\" data-align=\"center\">\u00a0<\/td>\n<\/tr>\n<tr>\n<td class=\"has-text-align-center\" data-align=\"center\"><strong>July 25, 26 &amp; 27<\/strong><\/td>\n<td class=\"has-text-align-center\" data-align=\"center\"><em><a href=\"https:\/\/labelledecoteaudulac.com\/en\/festifleurs-2022\/\">FestiFleurs<\/a> &amp; <a href=\"https:\/\/labelledecoteaudulac.com\/en\/auto-cueilette-de-fraises\/\">Strawberry U-Pick<\/a><\/em><\/td>\n<td>\u00a0<\/td>\n<td class=\"has-text-align-center\" data-align=\"center\">\u00a0<\/td>\n<\/tr>\n<tr>\n<td class=\"has-text-align-center\" data-align=\"center\"><strong>August 1, 2 &amp; 3<\/strong><\/td>\n<td class=\"has-text-align-center\" data-align=\"center\"><em><a href=\"https:\/\/labelledecoteaudulac.com\/en\/festifleurs-2022\/\">FestiFleurs<\/a> &amp; <a href=\"https:\/\/labelledecoteaudulac.com\/en\/auto-cueilette-de-fraises\/\">Strawberry U-Pick<\/a><\/em><\/td>\n<td>\u00a0<\/td>\n<td class=\"has-text-align-center\" data-align=\"center\">\u00a0<\/td>\n<\/tr>\n<tr>\n<td class=\"has-text-align-center\" data-align=\"center\"><strong>August 7, 8, 9 &amp; 10<\/strong><\/td>\n<td class=\"has-text-align-center\" data-align=\"center\"><em><a href=\"https:\/\/labelledecoteaudulac.com\/en\/festifleurs-2022\/\">FestiFleurs<\/a><\/em> <em>&amp; <a href=\"https:\/\/labelledecoteaudulac.com\/en\/auto-cueilette-de-fraises\/\">Strawberry U-Pick<\/a><\/em><\/td>\n<td>\u00a0<\/td>\n<td class=\"has-text-align-center\" data-align=\"center\">\u00a0<\/td>\n<\/tr>\n<tr>\n<td class=\"has-text-align-center\" data-align=\"center\"><strong>August 14, 15, 16 &amp; 17<\/strong><\/td>\n<td class=\"has-text-align-center\" data-align=\"center\"><em><a href=\"https:\/\/labelledecoteaudulac.com\/en\/tournesols-en-fleurs\/\">Sunflowers weekend<\/a><\/em> <em>&amp; <a href=\"https:\/\/labelledecoteaudulac.com\/en\/auto-cueilette-de-fraises\/\">Strawberry U-Pick<\/a><\/em><\/td>\n<td>\u00a0<\/td>\n<td class=\"has-text-align-center\" data-align=\"center\">\u00a0<\/td>\n<\/tr>\n<tr>\n<td class=\"has-text-align-center\" data-align=\"center\"><strong>August 21, 22, 23 &amp; 24 \u00a0 \u00a0\u00a0<\/strong><\/td>\n<td class=\"has-text-align-center\" data-align=\"center\"><em><a href=\"https:\/\/labelledecoteaudulac.com\/en\/tournesols-en-fleurs\/\">Sunflowers weekend<\/a> &amp; <a href=\"https:\/\/labelledecoteaudulac.com\/en\/auto-cueilette-de-fraises\/\">Strawberry U-Pick<\/a><\/em><\/td>\n<td>\u00a0<\/td>\n<td class=\"has-text-align-center\" data-align=\"center\">\u00a0<\/td>\n<\/tr>\n<tr>\n<td class=\"has-text-align-center\" data-align=\"center\"><strong>August 28, 29, 30 &amp; 31 &amp; September 1<\/strong><\/td>\n<td class=\"has-text-align-center\" data-align=\"center\"><em><a href=\"https:\/\/labelledecoteaudulac.com\/en\/tournesols-en-fleurs\/\">Sunflowers weekend<\/a><\/em> <em>&amp; <a href=\"https:\/\/labelledecoteaudulac.com\/en\/auto-cueilette-de-fraises\/\">Strawberry U-Pick<\/a><\/em><\/td>\n<td>\u00a0<\/td>\n<td class=\"has-text-align-center\" data-align=\"center\">\u00a0<\/td>\n<\/tr>\n<tr>\n<td class=\"has-text-align-center\" data-align=\"center\"><strong>From September 2nd to 26th<\/strong><\/td>\n<td class=\"has-text-align-center\" data-align=\"center\"><strong>DOMAIN CLOSED (in preparation for fall activities, the farm shop remains open)<\/strong><\/td>\n<td>\u00a0<\/td>\n<td class=\"has-text-align-center\" data-align=\"center\">\u00a0<\/td>\n<\/tr>\n<tr>\n<td class=\"has-text-align-center\" data-align=\"center\"><strong>September 27 &amp; 28<\/strong><\/td>\n<td class=\"has-text-align-center\" data-align=\"center\"><a href=\"https:\/\/labelledecoteaudulac.com\/en\/festivhalloween-autocueillette-labyrinthe\/\">Festiv\u2019Halloween U-pick and Labyrinth<\/a>\u00a0<\/td>\n<td>\u00a0<\/td>\n<td class=\"has-text-align-center\" data-align=\"center\">\u00a0<\/td>\n<\/tr>\n<tr>\n<td class=\"has-text-align-center\" data-align=\"center\"><strong>October 3<\/strong><\/td>\n<td class=\"has-text-align-center\" data-align=\"center\"><a href=\"https:\/\/labelledecoteaudulac.com\/en\/festivhalloween-sons-lumieres\/\">Evening Sound and Light Labyrinth<\/a><\/td>\n<td>\u00a0<\/td>\n<td class=\"has-text-align-center\" data-align=\"center\">\u00a0<\/td>\n<\/tr>\n<tr>\n<td class=\"has-text-align-center\" data-align=\"center\"><strong>October 4 &amp; 5<\/strong><\/td>\n<td class=\"has-text-align-center\" data-align=\"center\"><a href=\"https:\/\/labelledecoteaudulac.com\/en\/festivhalloween-autocueillette-labyrinthe\/\">Festiv\u2019Halloween U-pick and Labyrinth<\/a> &amp; <a href=\"https:\/\/labelledecoteaudulac.com\/en\/festivhalloween-sons-lumieres\/\">Evening Sound and Light Labyrinth<\/a><\/td>\n<td>\u00a0<\/td>\n<td class=\"has-text-align-center\" data-align=\"center\">\u00a0<\/td>\n<\/tr>\n<tr>\n<td class=\"has-text-align-center\" data-align=\"center\"><strong>October 9<\/strong><\/td>\n<td class=\"has-text-align-center\" data-align=\"center\"><a href=\"https:\/\/labelledecoteaudulac.com\/en\/festivhalloween-sons-lumieres\/\">Evening Sound and Light Labyrinth<\/a><\/td>\n<td>\u00a0<\/td>\n<td class=\"has-text-align-center\" data-align=\"center\">\u00a0<\/td>\n<\/tr>\n<tr>\n<td class=\"has-text-align-center\" data-align=\"center\"><strong>October 10<\/strong><\/td>\n<td class=\"has-text-align-center\" data-align=\"center\"><a href=\"https:\/\/labelledecoteaudulac.com\/en\/festivhalloween-domaine-maudit\/\">Cursed Domain &amp; The Abominable Labyrinth animated in the evening<\/a><\/td>\n<td>\u00a0<\/td>\n<td class=\"has-text-align-center\" data-align=\"center\">\u00a0<\/td>\n<\/tr>\n<tr>\n<td class=\"has-text-align-center\" data-align=\"center\"><strong>October 11 &amp; 12<\/strong><\/td>\n<td class=\"has-text-align-center\" data-align=\"center\"><a href=\"https:\/\/labelledecoteaudulac.com\/en\/festivhalloween-autocueillette-labyrinthe\/\">Festiv\u2019Halloween U-pick and Labyrinth<\/a> &amp; <a href=\"https:\/\/labelledecoteaudulac.com\/en\/festivhalloween-domaine-maudit\/\">Cursed Domain &amp; The Abominable Labyrinth animated in the evening<\/a><\/td>\n<td>\u00a0<\/td>\n<td class=\"has-text-align-center\" data-align=\"center\">\u00a0<\/td>\n<\/tr>\n<tr>\n<td class=\"has-text-align-center\" data-align=\"center\"><strong>October 13<\/strong><\/td>\n<td class=\"has-text-align-center\" data-align=\"center\"><a href=\"https:\/\/labelledecoteaudulac.com\/en\/festivhalloween-autocueillette-labyrinthe\/\">Festiv\u2019Halloween U-pick and Labyrinth<\/a><\/td>\n<td>\u00a0<\/td>\n<td class=\"has-text-align-center\" data-align=\"center\">\u00a0<\/td>\n<\/tr>\n<tr>\n<td class=\"has-text-align-center\" data-align=\"center\"><strong>October 16<\/strong><\/td>\n<td class=\"has-text-align-center\" data-align=\"center\"><a href=\"https:\/\/labelledecoteaudulac.com\/en\/festivhalloween-sons-lumieres\/\">Evening Sound and Light Labyrinth<\/a><\/td>\n<td>\u00a0<\/td>\n<td class=\"has-text-align-center\" data-align=\"center\">\u00a0<\/td>\n<\/tr>\n<tr>\n<td class=\"has-text-align-center\" data-align=\"center\"><strong>October 17<\/strong><\/td>\n<td class=\"has-text-align-center\" data-align=\"center\"><a href=\"https:\/\/labelledecoteaudulac.com\/en\/festivhalloween-domaine-maudit\/\">Cursed Domain &amp; The Abominable Labyrinth animated in the evening<\/a><\/td>\n<td>\u00a0<\/td>\n<td class=\"has-text-align-center\" data-align=\"center\">\u00a0<\/td>\n<\/tr>\n<tr>\n<td class=\"has-text-align-center\" data-align=\"center\"><strong>October 18 &amp; 19<\/strong><\/td>\n<td class=\"has-text-align-center\" data-align=\"center\"><a href=\"https:\/\/labelledecoteaudulac.com\/en\/festivhalloween-autocueillette-labyrinthe\/\">Festiv\u2019Halloween U-pick and Labyrinth<\/a> &amp; <a href=\"https:\/\/labelledecoteaudulac.com\/en\/festivhalloween-domaine-maudit\/\">Cursed Domain &amp; The Abominable Labyrinth animated in the evening<\/a><\/td>\n<td>\u00a0<\/td>\n<td class=\"has-text-align-center\" data-align=\"center\">\u00a0<\/td>\n<\/tr>\n<tr>\n<td class=\"has-text-align-center\" data-align=\"center\"><strong>October 23 &amp; 24<\/strong><\/td>\n<td class=\"has-text-align-center\" data-align=\"center\"><a href=\"https:\/\/labelledecoteaudulac.com\/en\/festivhalloween-domaine-maudit\/\">Cursed Domain &amp; The Abominable Labyrinth animated in the evening<\/a><\/td>\n<td>\u00a0<\/td>\n<td class=\"has-text-align-center\" data-align=\"center\">\u00a0<\/td>\n<\/tr>\n<tr>\n<td class=\"has-text-align-center\" data-align=\"center\"><strong>October 25 &amp; 26 <\/strong><\/td>\n<td class=\"has-text-align-center\" data-align=\"center\"><a href=\"https:\/\/labelledecoteaudulac.com\/en\/festivhalloween-autocueillette-labyrinthe\/\">Festiv\u2019Halloween U-pick and Labyrinth<\/a> &amp; <a href=\"https:\/\/labelledecoteaudulac.com\/en\/festivhalloween-domaine-maudit\/\">Cursed Domain &amp; The Abominable Labyrinth animated in the evening<\/a><\/td>\n<td>\u00a0<\/td>\n<td class=\"has-text-align-center\" data-align=\"center\">\u00a0<\/td>\n<\/tr>\n<tr>\n<td class=\"has-text-align-center\" data-align=\"center\"><strong>October 30<\/strong><\/td>\n<td class=\"has-text-align-center\" data-align=\"center\"><a href=\"https:\/\/labelledecoteaudulac.com\/en\/festivhalloween-domaine-maudit\/\">Cursed Domain &amp; The Abominable Labyrinth at night<\/a><\/td>\n<td>\u00a0<\/td>\n<td class=\"has-text-align-center\" data-align=\"center\">\u00a0<\/td>\n<\/tr>\n<tr>\n<td class=\"has-text-align-center\" data-align=\"center\"><strong>October 31<\/strong><\/td>\n<td class=\"has-text-align-center\" data-align=\"center\"><a href=\"https:\/\/labelledecoteaudulac.com\/en\/festivhalloween-domaine-maudit\/\">Cursed Domain &amp; The Abominable Labyrinth at night<\/a><\/td>\n<td>\u00a0<\/td>\n<td class=\"has-text-align-center\" data-align=\"center\">\u00a0<\/td>\n<\/tr>\n<tr>\n<td class=\"has-text-align-center\" data-align=\"center\"><strong>November 1st<\/strong><\/td>\n<td class=\"has-text-align-center\" data-align=\"center\"><a href=\"https:\/\/labelledecoteaudulac.com\/en\/festivhalloween-domaine-maudit\/\">Cursed Domain &amp; The Abominable Labyrinth animated in the evening<\/a><\/td>\n<td>\u00a0<\/td>\n<td class=\"has-text-align-center\" data-align=\"center\">\u00a0<\/td>\n<\/tr>\n<\/tbody>\n<\/table>\n<\/figure>\n<p><\/p>\n<p><\/p>\n<div class=\"wp-block-buttons is-content-justification-center is-layout-flex wp-container-core-buttons-is-layout-fe48e5de wp-block-buttons-is-layout-flex\">\n<p><\/p>\n<div class=\"wp-block-button has-custom-width wp-block-button__width-50 has-custom-font-size is-style-outline has-medium-font-size is-style-outline--2\"><a class=\"wp-block-button__link has-white-color has-text-color has-background has-text-align-center wp-element-button\" style=\"border-radius: 0px; background-color: #aa9382; padding: var(--wp--preset--spacing--20);\" href=\"https:\/\/labelledecoteaudulac.com\/en\/reserver\/\">To buy tickets<\/a><\/div>\n<p><\/p>\n<\/div>\n<p><\/p>\n<p><\/p>\n<hr class=\"wp-block-separator has-alpha-channel-opacity\" \/>\n<p><\/p>\n<p><\/p>\n<h3 class=\"wp-block-heading has-text-align-center has-noto-sans-font-family has-custom-font has-custom-lineheight has-custom-letterspacing\" style=\"font-family: Noto Sans; line-height: 1.62; letter-spacing: 1.2px; font-size: 24px;\"><strong>Farm shop hours<\/strong><\/h3>\n<p><\/p>\n<p><\/p>\n<p class=\"has-text-align-center has-tajawal-font-family has-custom-font wp-block-paragraph\" style=\"font-family: Tajawal;\"><em>*<strong>This schedule does not concern our agrotourism events. <\/strong><\/em><\/p>\n<p><\/p>\n<p><\/p>\n<p class=\"has-text-align-center has-tajawal-font-family has-custom-font has-custom-lineheight has-custom-letterspacing wp-block-paragraph\" style=\"font-family: Tajawal; line-height: 1.41; letter-spacing: 0.1px; font-size: 15px;\">Here is the farm shop schedule for the coming weeks.<\/p>\n<p><\/p>\n<figure class=\"wp-block-table is-style-stripes\">\n<table>\n<tbody>\n<tr>\n<td class=\"has-text-align-center\" data-align=\"center\"><strong>Monday<\/strong><\/td>\n<td class=\"has-text-align-center\" data-align=\"center\"><b>FARM<\/b><\/td>\n<\/tr>\n<tr>\n<td class=\"has-text-align-center\" data-align=\"center\"><strong>Tuesday<\/strong><\/td>\n<td class=\"has-text-align-center\" data-align=\"center\"><b>FARM<\/b><\/td>\n<\/tr>\n<tr>\n<td class=\"has-text-align-center\" data-align=\"center\"><strong>Wednesday<\/strong><\/td>\n<td class=\"has-text-align-center\" data-align=\"center\"><b>9:30 a.m. to 6 p.m.<\/b><\/td>\n<\/tr>\n<tr>\n<td class=\"has-text-align-center\" data-align=\"center\"><strong>Thursday<\/strong><\/td>\n<td class=\"has-text-align-center\" data-align=\"center\"><b>9:30 a.m. to 6 p.m.<\/b><\/td>\n<\/tr>\n<tr>\n<td class=\"has-text-align-center\" data-align=\"center\"><strong>Friday<\/strong><\/td>\n<td class=\"has-text-align-center\" data-align=\"center\"><b>9:30 a.m. to 6 p.m.<\/b><\/td>\n<\/tr>\n<tr>\n<td class=\"has-text-align-center\" data-align=\"center\"><strong>Saturday<\/strong><\/td>\n<td class=\"has-text-align-center\" data-align=\"center\"><b>9:30 a.m. to 5 p.m.<\/b><\/td>\n<\/tr>\n<tr>\n<td class=\"has-text-align-center\" data-align=\"center\"><strong>Sunday<\/strong><\/td>\n<td class=\"has-text-align-center\" data-align=\"center\"><b>9:30 a.m. to 5 p.m.<\/b><\/td>\n<\/tr>\n<\/tbody>\n<\/table>\n<\/figure>\n<\/div>\n<p><!-- \/wp:group --><\/p>\n<p><!-- wp:paragraph {\"align\":\"center\",\"fontFamily\":\"Tajawal\",\"customFontSize\":17,\"lineHeight\":1.41,\"letterSpacing\":0.1} --><\/p>\n<p class=\"has-text-align-center has-tajawal-font-family has-custom-font has-custom-lineheight has-custom-letterspacing\" style=\"font-family: Tajawal; line-height: 1.41; letter-spacing: 0.1px; font-size: 17px;\">Want to know more about <a href=\"https:\/\/labelledecoteaudulac.com\/en\/la-belle-de-coteau-du-lac\/\">our products<\/a>, our farm shop or the activities we offer? You will find the relevant information in the pages of this site. feel free to <a href=\"https:\/\/labelledecoteaudulac.com\/en\/contact\/\">Contact us<\/a> for any other questions, welcome!<\/p>\n<p><!-- \/wp:paragraph --><\/p>\n<p><!-- wp:paragraph {\"align\":\"center\",\"fontFamily\":\"Tajawal\",\"customFontSize\":16,\"lineHeight\":1.41,\"letterSpacing\":0.1} --><\/p>\n<p class=\"has-text-align-center has-tajawal-font-family has-custom-font has-custom-lineheight has-custom-letterspacing\" style=\"font-family: Tajawal; line-height: 1.41; letter-spacing: 0.1px; font-size: 16px;\"><em>C\u00e9line, Luc, Marc-Andr\u00e9<\/em> <em>&amp; Alexandre<\/em><\/p>\n<p><!-- \/wp:paragraph --><\/p>\n<p><!-- wp:spacer {\"height\":\"18px\"} --><\/p>\n<div class=\"wp-block-columns\">\n<div class=\"wp-block-column\" style=\"flex-basis: 100%;\">\n<div class=\"wp-block-columns\">\n<div class=\"wp-block-column\">\n<p><!-- \/wp:image --><\/p>\n<\/div>\n<p><!-- \/wp:column --><\/p>\n<\/div>\n<p><!-- \/wp:columns --><\/p>\n<\/div>\n<p><!-- \/wp:column --><\/p>\n<\/div>\n<p><!-- \/wp:columns --><\/p>\t\t\t\t\t\t\t\t<\/div>\n\t\t\t\t<\/div>\n\t\t\t\t\t<\/div>\n\t\t\t\t<\/div>\n\t\t<div class=\"elementor-element elementor-element-d70bc47 e-flex e-con-boxed e-con e-parent\" data-id=\"d70bc47\" data-element_type=\"container\">\n\t\t\t\t\t<div class=\"e-con-inner\">\n\t\t\t\t<div class=\"elementor-element elementor-element-c03f67d elementor-widget elementor-widget-text-editor\" data-id=\"c03f67d\" data-element_type=\"widget\" data-widget_type=\"text-editor.default\">\n\t\t\t\t<div class=\"elementor-widget-container\">\n\t\t\t\t\t\t\t\t\t<p><!-- wp:group --><\/p>\n<div class=\"wp-block-group\">\n<p><!-- wp:paragraph {\"fontFamily\":\"Tajawal\",\"customFontSize\":17,\"lineHeight\":1.41,\"letterSpacing\":0.1} --><\/p>\n<\/div>\n<figure class=\"wp-block-gallery has-nested-images columns-4 is-cropped\">\n<p>\u00a0<\/p>\n<\/figure>\n<p><!-- \/wp:separator --><\/p>\n<p><!-- wp:heading {\"textAlign\":\"center\",\"fontFamily\":\"Noto Sans\",\"customFontSize\":24,\"lineHeight\":1.62,\"letterSpacing\":1.2} --><\/p>\n<h2 class=\"wp-block-heading has-text-align-center has-noto-sans-font-family has-custom-font has-custom-lineheight has-custom-letterspacing\" style=\"font-family: Noto Sans; line-height: 1.62; letter-spacing: 1.2px; font-size: 24px;\">La Belle, proud member of<\/h2>\n<p><!-- \/wp:heading --><\/p>\n<p><!-- wp:columns --><\/p>\n<div class=\"wp-block-columns\">\n<p><!-- wp:column --><\/p>\n<div class=\"wp-block-column\">\n<p><!-- wp:image {\"id\":1954,\"sizeSlug\":\"large\",\"linkDestination\":\"none\"} --><\/p>\n<figure class=\"wp-block-image size-large\"><img decoding=\"async\" width=\"311\" height=\"162\" data-attachment-id=\"1954\" data-permalink=\"https:\/\/labelledecoteaudulac.com\/en\/acceuil\/tourisme-v-s-1-3\/\" data-orig-file=\"https:\/\/i0.wp.com\/labelledecoteaudulac.com\/wp-content\/uploads\/2021\/05\/Tourisme-V-S-1.png?fit=311%2C162&amp;ssl=1\" data-orig-size=\"311,162\" data-comments-opened=\"1\" data-image-meta=\"{&quot;aperture&quot;:&quot;0&quot;,&quot;credit&quot;:&quot;&quot;,&quot;camera&quot;:&quot;&quot;,&quot;caption&quot;:&quot;&quot;,&quot;created_timestamp&quot;:&quot;0&quot;,&quot;copyright&quot;:&quot;&quot;,&quot;focal_length&quot;:&quot;0&quot;,&quot;iso&quot;:&quot;0&quot;,&quot;shutter_speed&quot;:&quot;0&quot;,&quot;title&quot;:&quot;&quot;,&quot;orientation&quot;:&quot;0&quot;}\" data-image-title=\"Tourisme-V-S-1\" data-image-description=\"\" data-image-caption=\"\" data-medium-file=\"https:\/\/i0.wp.com\/labelledecoteaudulac.com\/wp-content\/uploads\/2021\/05\/Tourisme-V-S-1.png?fit=300%2C156&amp;ssl=1\" data-large-file=\"https:\/\/i0.wp.com\/labelledecoteaudulac.com\/wp-content\/uploads\/2021\/05\/Tourisme-V-S-1.png?fit=311%2C162&amp;ssl=1\" data-recalc-dims=\"1\" class=\"wp-image-1954\" src=\"https:\/\/i0.wp.com\/labelledecoteaudulac.com\/wp-content\/uploads\/2021\/05\/Tourisme-V-S-1.png?w=825&#038;ssl=1\" alt=\"\" srcset=\"https:\/\/i0.wp.com\/labelledecoteaudulac.com\/wp-content\/uploads\/2021\/05\/Tourisme-V-S-1.png?w=311&amp;ssl=1 311w, https:\/\/i0.wp.com\/labelledecoteaudulac.com\/wp-content\/uploads\/2021\/05\/Tourisme-V-S-1.png?resize=300%2C156&amp;ssl=1 300w\" sizes=\"(max-width: 311px) 100vw, 311px\" \/><\/figure>\n<p><!-- \/wp:image --><\/p>\n<\/div>\n<p><!-- \/wp:column --><\/p>\n<p><!-- wp:column --><\/p>\n<div class=\"wp-block-column\">\n<p><!-- wp:image {\"align\":\"center\",\"id\":1957,\"width\":157,\"height\":114,\"sizeSlug\":\"large\",\"linkDestination\":\"none\"} --><\/p>\n<figure class=\"wp-block-image aligncenter size-large is-resized\"><img loading=\"lazy\" decoding=\"async\" width=\"843\" height=\"611\" data-attachment-id=\"1957\" data-permalink=\"https:\/\/labelledecoteaudulac.com\/en\/acceuil\/les-fraiches-du-quebec-3\/\" data-orig-file=\"https:\/\/i0.wp.com\/labelledecoteaudulac.com\/wp-content\/uploads\/2021\/05\/les-fraiches-du-quebec-3.jpg?fit=843%2C611&amp;ssl=1\" data-orig-size=\"843,611\" data-comments-opened=\"1\" data-image-meta=\"{&quot;aperture&quot;:&quot;0&quot;,&quot;credit&quot;:&quot;&quot;,&quot;camera&quot;:&quot;&quot;,&quot;caption&quot;:&quot;&quot;,&quot;created_timestamp&quot;:&quot;0&quot;,&quot;copyright&quot;:&quot;&quot;,&quot;focal_length&quot;:&quot;0&quot;,&quot;iso&quot;:&quot;0&quot;,&quot;shutter_speed&quot;:&quot;0&quot;,&quot;title&quot;:&quot;&quot;,&quot;orientation&quot;:&quot;0&quot;}\" data-image-title=\"les-fraiches-du-quebec-3\" data-image-description=\"\" data-image-caption=\"\" data-medium-file=\"https:\/\/i0.wp.com\/labelledecoteaudulac.com\/wp-content\/uploads\/2021\/05\/les-fraiches-du-quebec-3.jpg?fit=300%2C217&amp;ssl=1\" data-large-file=\"https:\/\/i0.wp.com\/labelledecoteaudulac.com\/wp-content\/uploads\/2021\/05\/les-fraiches-du-quebec-3.jpg?fit=825%2C598&amp;ssl=1\" data-recalc-dims=\"1\" class=\"wp-image-1957\" style=\"width: 157px; height: 114px;\" src=\"https:\/\/i0.wp.com\/labelledecoteaudulac.com\/wp-content\/uploads\/2021\/05\/les-fraiches-du-quebec-3.jpg?w=825&#038;ssl=1\" alt=\"\" srcset=\"https:\/\/i0.wp.com\/labelledecoteaudulac.com\/wp-content\/uploads\/2021\/05\/les-fraiches-du-quebec-3.jpg?w=843&amp;ssl=1 843w, https:\/\/i0.wp.com\/labelledecoteaudulac.com\/wp-content\/uploads\/2021\/05\/les-fraiches-du-quebec-3.jpg?resize=300%2C217&amp;ssl=1 300w, https:\/\/i0.wp.com\/labelledecoteaudulac.com\/wp-content\/uploads\/2021\/05\/les-fraiches-du-quebec-3.jpg?resize=768%2C557&amp;ssl=1 768w\" sizes=\"(max-width: 825px) 100vw, 825px\" \/><\/figure>\n<p><!-- \/wp:image --><\/p>\n<\/div>\n<p><!-- \/wp:column --><\/p>\n<p><!-- wp:column --><\/p>\n<div class=\"wp-block-column\">\n<p><!-- wp:image {\"id\":1958,\"width\":209,\"height\":117,\"sizeSlug\":\"large\",\"linkDestination\":\"none\"} --><\/p>\n<figure class=\"wp-block-image size-large is-resized\"><img loading=\"lazy\" decoding=\"async\" width=\"620\" height=\"348\" data-attachment-id=\"1958\" data-permalink=\"https:\/\/labelledecoteaudulac.com\/en\/acceuil\/ccivs-3-1\/\" data-orig-file=\"https:\/\/i0.wp.com\/labelledecoteaudulac.com\/wp-content\/uploads\/2021\/05\/CCIVS-3-1.jpg?fit=620%2C348&amp;ssl=1\" data-orig-size=\"620,348\" data-comments-opened=\"1\" data-image-meta=\"{&quot;aperture&quot;:&quot;0&quot;,&quot;credit&quot;:&quot;&quot;,&quot;camera&quot;:&quot;&quot;,&quot;caption&quot;:&quot;&quot;,&quot;created_timestamp&quot;:&quot;0&quot;,&quot;copyright&quot;:&quot;&quot;,&quot;focal_length&quot;:&quot;0&quot;,&quot;iso&quot;:&quot;0&quot;,&quot;shutter_speed&quot;:&quot;0&quot;,&quot;title&quot;:&quot;&quot;,&quot;orientation&quot;:&quot;0&quot;}\" data-image-title=\"CCIVS-3-1\" data-image-description=\"\" data-image-caption=\"\" data-medium-file=\"https:\/\/i0.wp.com\/labelledecoteaudulac.com\/wp-content\/uploads\/2021\/05\/CCIVS-3-1.jpg?fit=300%2C168&amp;ssl=1\" data-large-file=\"https:\/\/i0.wp.com\/labelledecoteaudulac.com\/wp-content\/uploads\/2021\/05\/CCIVS-3-1.jpg?fit=620%2C348&amp;ssl=1\" data-recalc-dims=\"1\" class=\"wp-image-1958\" style=\"width: 209px; height: 117px;\" src=\"https:\/\/i0.wp.com\/labelledecoteaudulac.com\/wp-content\/uploads\/2021\/05\/CCIVS-3-1.jpg?w=825&#038;ssl=1\" alt=\"\" srcset=\"https:\/\/i0.wp.com\/labelledecoteaudulac.com\/wp-content\/uploads\/2021\/05\/CCIVS-3-1.jpg?w=620&amp;ssl=1 620w, https:\/\/i0.wp.com\/labelledecoteaudulac.com\/wp-content\/uploads\/2021\/05\/CCIVS-3-1.jpg?resize=300%2C168&amp;ssl=1 300w\" sizes=\"(max-width: 620px) 100vw, 620px\" \/><\/figure>\n<p><!-- \/wp:image --><\/p>\n<\/div>\n<p><!-- \/wp:column --><\/p>\n<\/div>\n<p><!-- \/wp:columns --><\/p>\n<p><!-- wp:columns --><\/p>\n<div class=\"wp-block-columns\">\n<p><!-- wp:column {\"width\":\"100%\"} --><\/p>\n<div class=\"wp-block-column\" style=\"flex-basis: 100%;\">\n<p><!-- wp:columns --><\/p>\n<div class=\"wp-block-columns\">\n<p><!-- wp:column --><\/p>\n<div class=\"wp-block-column\">\n<p><!-- wp:image {\"align\":\"right\",\"id\":1963,\"width\":196,\"height\":99,\"sizeSlug\":\"large\",\"linkDestination\":\"none\"} --><\/p>\n<figure class=\"wp-block-image alignright size-large is-resized\"><img loading=\"lazy\" decoding=\"async\" width=\"400\" height=\"200\" data-attachment-id=\"1963\" data-permalink=\"https:\/\/labelledecoteaudulac.com\/en\/acceuil\/logo-tourisme-monteregie-modifie\/\" data-orig-file=\"https:\/\/i0.wp.com\/labelledecoteaudulac.com\/wp-content\/uploads\/2021\/05\/Logo-Tourisme-Monteregie-modifie.png?fit=400%2C200&amp;ssl=1\" data-orig-size=\"400,200\" data-comments-opened=\"1\" data-image-meta=\"{&quot;aperture&quot;:&quot;0&quot;,&quot;credit&quot;:&quot;&quot;,&quot;camera&quot;:&quot;&quot;,&quot;caption&quot;:&quot;&quot;,&quot;created_timestamp&quot;:&quot;0&quot;,&quot;copyright&quot;:&quot;&quot;,&quot;focal_length&quot;:&quot;0&quot;,&quot;iso&quot;:&quot;0&quot;,&quot;shutter_speed&quot;:&quot;0&quot;,&quot;title&quot;:&quot;&quot;,&quot;orientation&quot;:&quot;0&quot;}\" data-image-title=\"Logo-Tourisme-Monteregie-modifie\" data-image-description=\"\" data-image-caption=\"\" data-medium-file=\"https:\/\/i0.wp.com\/labelledecoteaudulac.com\/wp-content\/uploads\/2021\/05\/Logo-Tourisme-Monteregie-modifie.png?fit=300%2C150&amp;ssl=1\" data-large-file=\"https:\/\/i0.wp.com\/labelledecoteaudulac.com\/wp-content\/uploads\/2021\/05\/Logo-Tourisme-Monteregie-modifie.png?fit=400%2C200&amp;ssl=1\" data-recalc-dims=\"1\" class=\"wp-image-1963\" style=\"width: 196px; height: 99px;\" src=\"https:\/\/i0.wp.com\/labelledecoteaudulac.com\/wp-content\/uploads\/2021\/05\/Logo-Tourisme-Monteregie-modifie.png?w=825&#038;ssl=1\" alt=\"\" srcset=\"https:\/\/i0.wp.com\/labelledecoteaudulac.com\/wp-content\/uploads\/2021\/05\/Logo-Tourisme-Monteregie-modifie.png?w=400&amp;ssl=1 400w, https:\/\/i0.wp.com\/labelledecoteaudulac.com\/wp-content\/uploads\/2021\/05\/Logo-Tourisme-Monteregie-modifie.png?resize=300%2C150&amp;ssl=1 300w\" sizes=\"(max-width: 400px) 100vw, 400px\" \/><\/figure>\n<p><!-- \/wp:image --><\/p>\n<\/div>\n<p><!-- \/wp:column --><\/p>\n<p><!-- wp:column --><\/p>\n<div class=\"wp-block-column\">\n<p><!-- wp:image {\"id\":1984,\"sizeSlug\":\"large\",\"linkDestination\":\"none\"} --><\/p>\n<figure class=\"wp-block-image size-large\"><img loading=\"lazy\" decoding=\"async\" data-attachment-id=\"1984\" data-permalink=\"https:\/\/labelledecoteaudulac.com\/en\/acceuil\/thumbnail_marcheecolocal_signature_fond-blanc_rgb49216\/\" data-orig-file=\"https:\/\/i0.wp.com\/labelledecoteaudulac.com\/wp-content\/uploads\/2021\/05\/thumbnail_MarcheEcolocal_signature_fond-blanc_RGB49216.png?fit=2553%2C1145&amp;ssl=1\" data-orig-size=\"2553,1145\" data-comments-opened=\"1\" data-image-meta=\"{&quot;aperture&quot;:&quot;0&quot;,&quot;credit&quot;:&quot;&quot;,&quot;camera&quot;:&quot;&quot;,&quot;caption&quot;:&quot;&quot;,&quot;created_timestamp&quot;:&quot;0&quot;,&quot;copyright&quot;:&quot;&quot;,&quot;focal_length&quot;:&quot;0&quot;,&quot;iso&quot;:&quot;0&quot;,&quot;shutter_speed&quot;:&quot;0&quot;,&quot;title&quot;:&quot;&quot;,&quot;orientation&quot;:&quot;0&quot;}\" data-image-title=\"thumbnail_MarcheEcolocal_signature_fond-blanc_RGB49216\" data-image-description=\"\" data-image-caption=\"\" data-medium-file=\"https:\/\/i0.wp.com\/labelledecoteaudulac.com\/wp-content\/uploads\/2021\/05\/thumbnail_MarcheEcolocal_signature_fond-blanc_RGB49216.png?fit=300%2C135&amp;ssl=1\" data-large-file=\"https:\/\/i0.wp.com\/labelledecoteaudulac.com\/wp-content\/uploads\/2021\/05\/thumbnail_MarcheEcolocal_signature_fond-blanc_RGB49216.png?fit=825%2C370&amp;ssl=1\" data-recalc-dims=\"1\" height=\"370\" width=\"825\" class=\"wp-image-1984\" src=\"https:\/\/i0.wp.com\/labelledecoteaudulac.com\/wp-content\/uploads\/2021\/05\/thumbnail_MarcheEcolocal_signature_fond-blanc_RGB49216.png?resize=825%2C370&#038;ssl=1\" alt=\"\" srcset=\"https:\/\/i0.wp.com\/labelledecoteaudulac.com\/wp-content\/uploads\/2021\/05\/thumbnail_MarcheEcolocal_signature_fond-blanc_RGB49216.png?w=2553&amp;ssl=1 2553w, https:\/\/i0.wp.com\/labelledecoteaudulac.com\/wp-content\/uploads\/2021\/05\/thumbnail_MarcheEcolocal_signature_fond-blanc_RGB49216.png?resize=300%2C135&amp;ssl=1 300w, https:\/\/i0.wp.com\/labelledecoteaudulac.com\/wp-content\/uploads\/2021\/05\/thumbnail_MarcheEcolocal_signature_fond-blanc_RGB49216.png?resize=1024%2C459&amp;ssl=1 1024w, https:\/\/i0.wp.com\/labelledecoteaudulac.com\/wp-content\/uploads\/2021\/05\/thumbnail_MarcheEcolocal_signature_fond-blanc_RGB49216.png?resize=768%2C344&amp;ssl=1 768w, https:\/\/i0.wp.com\/labelledecoteaudulac.com\/wp-content\/uploads\/2021\/05\/thumbnail_MarcheEcolocal_signature_fond-blanc_RGB49216.png?resize=1536%2C689&amp;ssl=1 1536w, https:\/\/i0.wp.com\/labelledecoteaudulac.com\/wp-content\/uploads\/2021\/05\/thumbnail_MarcheEcolocal_signature_fond-blanc_RGB49216.png?resize=2048%2C919&amp;ssl=1 2048w, https:\/\/i0.wp.com\/labelledecoteaudulac.com\/wp-content\/uploads\/2021\/05\/thumbnail_MarcheEcolocal_signature_fond-blanc_RGB49216.png?resize=1200%2C538&amp;ssl=1 1200w, https:\/\/i0.wp.com\/labelledecoteaudulac.com\/wp-content\/uploads\/2021\/05\/thumbnail_MarcheEcolocal_signature_fond-blanc_RGB49216.png?w=1650&amp;ssl=1 1650w, https:\/\/i0.wp.com\/labelledecoteaudulac.com\/wp-content\/uploads\/2021\/05\/thumbnail_MarcheEcolocal_signature_fond-blanc_RGB49216.png?w=2475&amp;ssl=1 2475w\" sizes=\"(max-width: 825px) 100vw, 825px\" \/><\/figure>\n<p><!-- \/wp:image --><\/p>\n<\/div>\n<p><!-- \/wp:column --><\/p>\n<p><!-- wp:column --><\/p>\n<div class=\"wp-block-column\">\n<p><!-- wp:image {\"align\":\"center\",\"id\":1955,\"width\":88,\"height\":88,\"sizeSlug\":\"large\",\"linkDestination\":\"none\"} --><\/p>\n<figure class=\"wp-block-image aligncenter size-large is-resized\"><img loading=\"lazy\" decoding=\"async\" width=\"225\" height=\"225\" data-attachment-id=\"1955\" data-permalink=\"https:\/\/labelledecoteaudulac.com\/en\/acceuil\/index-1-2\/\" data-orig-file=\"https:\/\/i0.wp.com\/labelledecoteaudulac.com\/wp-content\/uploads\/2021\/05\/index-1.png?fit=225%2C225&amp;ssl=1\" data-orig-size=\"225,225\" data-comments-opened=\"1\" data-image-meta=\"{&quot;aperture&quot;:&quot;0&quot;,&quot;credit&quot;:&quot;&quot;,&quot;camera&quot;:&quot;&quot;,&quot;caption&quot;:&quot;&quot;,&quot;created_timestamp&quot;:&quot;0&quot;,&quot;copyright&quot;:&quot;&quot;,&quot;focal_length&quot;:&quot;0&quot;,&quot;iso&quot;:&quot;0&quot;,&quot;shutter_speed&quot;:&quot;0&quot;,&quot;title&quot;:&quot;&quot;,&quot;orientation&quot;:&quot;0&quot;}\" data-image-title=\"index-1\" data-image-description=\"\" data-image-caption=\"\" data-medium-file=\"https:\/\/i0.wp.com\/labelledecoteaudulac.com\/wp-content\/uploads\/2021\/05\/index-1.png?fit=225%2C225&amp;ssl=1\" data-large-file=\"https:\/\/i0.wp.com\/labelledecoteaudulac.com\/wp-content\/uploads\/2021\/05\/index-1.png?fit=225%2C225&amp;ssl=1\" data-recalc-dims=\"1\" class=\"wp-image-1955\" style=\"width: 88px; height: 88px;\" src=\"https:\/\/i0.wp.com\/labelledecoteaudulac.com\/wp-content\/uploads\/2021\/05\/index-1.png?w=825&#038;ssl=1\" alt=\"\" srcset=\"https:\/\/i0.wp.com\/labelledecoteaudulac.com\/wp-content\/uploads\/2021\/05\/index-1.png?w=225&amp;ssl=1 225w, https:\/\/i0.wp.com\/labelledecoteaudulac.com\/wp-content\/uploads\/2021\/05\/index-1.png?resize=150%2C150&amp;ssl=1 150w, https:\/\/i0.wp.com\/labelledecoteaudulac.com\/wp-content\/uploads\/2021\/05\/index-1.png?resize=200%2C200&amp;ssl=1 200w, https:\/\/i0.wp.com\/labelledecoteaudulac.com\/wp-content\/uploads\/2021\/05\/index-1.png?resize=180%2C180&amp;ssl=1 180w\" sizes=\"(max-width: 225px) 100vw, 225px\" \/><\/figure>\n<p><!-- \/wp:image --><\/p>\n<\/div>\n<p><!-- \/wp:column --><\/p>\n<\/div>\n<p><!-- \/wp:columns --><\/p>\n<\/div>\n<p><!-- \/wp:column --><\/p>\n<\/div>\n<p><!-- \/wp:columns --><\/p>\t\t\t\t\t\t\t\t<\/div>\n\t\t\t\t<\/div>\n\t\t\t\t\t<\/div>\n\t\t\t\t<\/div>\n\t\t<div class=\"elementor-element elementor-element-98b2294 e-flex e-con-boxed e-con e-parent\" data-id=\"98b2294\" data-element_type=\"container\">\n\t\t\t\t\t<div class=\"e-con-inner\">\n\t\t\t\t<div class=\"elementor-element elementor-element-ae5ea2b elementor-widget elementor-widget-theme-site-logo elementor-widget-image\" data-id=\"ae5ea2b\" data-element_type=\"widget\" data-widget_type=\"theme-site-logo.default\">\n\t\t\t\t<div class=\"elementor-widget-container\">\n\t\t\t\t\t\t\t\t\t\t\t<a href=\"https:\/\/labelledecoteaudulac.com\/en\">\n\t\t\t<img loading=\"lazy\" decoding=\"async\" data-attachment-id=\"1317\" data-permalink=\"https:\/\/labelledecoteaudulac.com\/en\/cropped-labelledecoteaudulac_logo1-3-jpg\/\" data-orig-file=\"https:\/\/i0.wp.com\/labelledecoteaudulac.com\/wp-content\/uploads\/2019\/03\/cropped-labelledecoteaudulac_logo1-3.jpg?fit=664%2C435&amp;ssl=1\" data-orig-size=\"664,435\" data-comments-opened=\"1\" data-image-meta=\"{&quot;aperture&quot;:&quot;0&quot;,&quot;credit&quot;:&quot;&quot;,&quot;camera&quot;:&quot;&quot;,&quot;caption&quot;:&quot;&quot;,&quot;created_timestamp&quot;:&quot;0&quot;,&quot;copyright&quot;:&quot;&quot;,&quot;focal_length&quot;:&quot;0&quot;,&quot;iso&quot;:&quot;0&quot;,&quot;shutter_speed&quot;:&quot;0&quot;,&quot;title&quot;:&quot;&quot;,&quot;orientation&quot;:&quot;0&quot;}\" data-image-title=\"cropped-labelledecoteaudulac_logo1-3.jpg\" data-image-description=\"&lt;p&gt;https:\/\/labelledecoteaudulac.com\/wp-content\/uploads\/2019\/03\/cropped-labelledecoteaudulac_logo1-3.jpg&lt;\/p&gt;\" data-image-caption=\"\" data-medium-file=\"https:\/\/i0.wp.com\/labelledecoteaudulac.com\/wp-content\/uploads\/2019\/03\/cropped-labelledecoteaudulac_logo1-3.jpg?fit=300%2C197&amp;ssl=1\" data-large-file=\"https:\/\/i0.wp.com\/labelledecoteaudulac.com\/wp-content\/uploads\/2019\/03\/cropped-labelledecoteaudulac_logo1-3.jpg?fit=664%2C435&amp;ssl=1\" width=\"664\" height=\"435\" src=\"https:\/\/i0.wp.com\/labelledecoteaudulac.com\/wp-content\/uploads\/2019\/03\/cropped-labelledecoteaudulac_logo1-3.jpg?fit=664%2C435&amp;ssl=1\" class=\"attachment-full size-full wp-image-1317\" alt=\"\" \/>\t\t\t\t<\/a>\n\t\t\t\t\t\t\t\t\t\t\t<\/div>\n\t\t\t\t<\/div>\n\t\t\t\t\t<\/div>\n\t\t\t\t<\/div>\n\t\t\t\t<\/div>","protected":false},"excerpt":{"rendered":"<p>Welcome to La Belle de Coteau-du-Lac, where a passion for agriculture meets the joy of discovery! Since 2015, La Belle de Coteau-du-Lac has been passionately cultivating a variety of berries and vegetables. Since 2018, our family farm, nestled in the heart of Mont\u00e9r\u00e9gie, has been offering you a unique and authentic agritourism experience in Quebec.\u2026 <a href=\"https:\/\/labelledecoteaudulac.com\/en\/\" class=\"more-link\">Continue reading <span class=\"screen-reader-text\">Welcome to the Belle of Coteau-du-Lac<\/span><\/a><\/p>","protected":false},"author":153206297,"featured_media":3589,"parent":0,"menu_order":0,"comment_status":"closed","ping_status":"closed","template":"","meta":{"_coblocks_attr":"Helvetica,Barlow,Montserrat,Anton,Noto Sans,Tajawal","_coblocks_dimensions":"","_coblocks_responsive_height":"","_coblocks_accordion_ie_support":"","_crdt_document":"","jetpack_post_was_ever_published":false,"footnotes":""},"tags":[],"class_list":["post-132","page","type-page","status-publish","has-post-thumbnail","hentry","without-featured-image"],"yoast_head":"<!-- This site is optimized with the Yoast SEO plugin v27.2 - https:\/\/yoast.com\/product\/yoast-seo-wordpress\/ -->\n<title>Bienvenue \u00e0 la Belle de Coteau-du-Lac &#8226;<\/title>\n<meta name=\"robots\" content=\"index, follow, max-snippet:-1, max-image-preview:large, max-video-preview:-1\" \/>\n<link rel=\"canonical\" href=\"https:\/\/labelledecoteaudulac.com\/en\/\" \/>\n<meta property=\"og:locale\" content=\"en_US\" \/>\n<meta property=\"og:type\" content=\"article\" \/>\n<meta property=\"og:title\" content=\"Bienvenue \u00e0 la Belle de Coteau-du-Lac &#8226;\" \/>\n<meta property=\"og:description\" content=\"Bienvenue \u00e0 La Belle de Coteau-du-Lac, o\u00f9 la passion de l&rsquo;agriculture se m\u00eale au plaisir de la d\u00e9couverte ! Depuis 2015, La Belle de Coteau-du-Lac cultive avec passion une vari\u00e9t\u00e9 de petits fruits et de l\u00e9gumes. Depuis 2018, notre ferme familiale,\u00a0nich\u00e9e au c\u0153ur de la Mont\u00e9r\u00e9gie,\u00a0vous offre une exp\u00e9rience agrotouristique unique et authentique au Qu\u00e9bec.&hellip; Continue reading Bienvenue \u00e0 la Belle de Coteau-du-Lac\" \/>\n<meta property=\"og:url\" content=\"https:\/\/labelledecoteaudulac.com\/en\/\" \/>\n<meta property=\"article:publisher\" content=\"https:\/\/www.facebook.com\/labelledecoteau\/\" \/>\n<meta property=\"article:modified_time\" content=\"2025-09-16T17:54:01+00:00\" \/>\n<meta property=\"og:image\" content=\"https:\/\/labelledecoteaudulac.com\/wp-content\/uploads\/2023\/05\/DSC6266-1024x683.jpg\" \/>\n\t<meta property=\"og:image:width\" content=\"1024\" \/>\n\t<meta property=\"og:image:height\" content=\"683\" \/>\n\t<meta property=\"og:image:type\" content=\"image\/jpeg\" \/>\n<meta name=\"twitter:card\" content=\"summary_large_image\" \/>\n<meta name=\"twitter:label1\" content=\"Est. reading time\" \/>\n\t<meta name=\"twitter:data1\" content=\"6 minutes\" \/>\n<script type=\"application\/ld+json\" class=\"yoast-schema-graph\">{\"@context\":\"https:\/\/schema.org\",\"@graph\":[{\"@type\":\"WebPage\",\"@id\":\"https:\/\/labelledecoteaudulac.com\/\",\"url\":\"https:\/\/labelledecoteaudulac.com\/\",\"name\":\"Bienvenue \u00e0 la Belle de Coteau-du-Lac &#8226;\",\"isPartOf\":{\"@id\":\"https:\/\/labelledecoteaudulac.com\/#website\"},\"primaryImageOfPage\":{\"@id\":\"https:\/\/labelledecoteaudulac.com\/#primaryimage\"},\"image\":{\"@id\":\"https:\/\/labelledecoteaudulac.com\/#primaryimage\"},\"thumbnailUrl\":\"https:\/\/i0.wp.com\/labelledecoteaudulac.com\/wp-content\/uploads\/2023\/05\/DSC6266.jpg?fit=3600%2C2400&ssl=1\",\"datePublished\":\"2019-03-29T23:54:28+00:00\",\"dateModified\":\"2025-09-16T17:54:01+00:00\",\"breadcrumb\":{\"@id\":\"https:\/\/labelledecoteaudulac.com\/#breadcrumb\"},\"inLanguage\":\"en-CA\",\"potentialAction\":[{\"@type\":\"ReadAction\",\"target\":[\"https:\/\/labelledecoteaudulac.com\/\"]}]},{\"@type\":\"ImageObject\",\"inLanguage\":\"en-CA\",\"@id\":\"https:\/\/labelledecoteaudulac.com\/#primaryimage\",\"url\":\"https:\/\/i0.wp.com\/labelledecoteaudulac.com\/wp-content\/uploads\/2023\/05\/DSC6266.jpg?fit=3600%2C2400&ssl=1\",\"contentUrl\":\"https:\/\/i0.wp.com\/labelledecoteaudulac.com\/wp-content\/uploads\/2023\/05\/DSC6266.jpg?fit=3600%2C2400&ssl=1\",\"width\":3600,\"height\":2400},{\"@type\":\"BreadcrumbList\",\"@id\":\"https:\/\/labelledecoteaudulac.com\/#breadcrumb\",\"itemListElement\":[{\"@type\":\"ListItem\",\"position\":1,\"name\":\"Accueil\",\"item\":\"https:\/\/labelledecoteaudulac.com\/\"},{\"@type\":\"ListItem\",\"position\":2,\"name\":\"Bienvenue \u00e0 la Belle de Coteau-du-Lac\"}]},{\"@type\":\"WebSite\",\"@id\":\"https:\/\/labelledecoteaudulac.com\/#website\",\"url\":\"https:\/\/labelledecoteaudulac.com\/\",\"name\":\"La Belle de Coteau-du-Lac\",\"description\":\"Une famille, une ferme, de savoureux fruits, l\u00e9gumes et viandes, des activit\u00e9s originales et des souvenirs m\u00e9morables!\",\"publisher\":{\"@id\":\"https:\/\/labelledecoteaudulac.com\/#organization\"},\"potentialAction\":[{\"@type\":\"SearchAction\",\"target\":{\"@type\":\"EntryPoint\",\"urlTemplate\":\"https:\/\/labelledecoteaudulac.com\/?s={search_term_string}\"},\"query-input\":{\"@type\":\"PropertyValueSpecification\",\"valueRequired\":true,\"valueName\":\"search_term_string\"}}],\"inLanguage\":\"en-CA\"},{\"@type\":\"Organization\",\"@id\":\"https:\/\/labelledecoteaudulac.com\/#organization\",\"name\":\"La Belle de Coteau-du-lac\",\"url\":\"https:\/\/labelledecoteaudulac.com\/\",\"logo\":{\"@type\":\"ImageObject\",\"inLanguage\":\"en-CA\",\"@id\":\"https:\/\/labelledecoteaudulac.com\/#\/schema\/logo\/image\/\",\"url\":\"https:\/\/i2.wp.com\/labelledecoteaudulac.com\/wp-content\/uploads\/2019\/03\/labelledecoteaudulac_logo1.jpg?fit=664%2C435&ssl=1\",\"contentUrl\":\"https:\/\/i2.wp.com\/labelledecoteaudulac.com\/wp-content\/uploads\/2019\/03\/labelledecoteaudulac_logo1.jpg?fit=664%2C435&ssl=1\",\"width\":664,\"height\":435,\"caption\":\"La Belle de Coteau-du-lac\"},\"image\":{\"@id\":\"https:\/\/labelledecoteaudulac.com\/#\/schema\/logo\/image\/\"},\"sameAs\":[\"https:\/\/www.facebook.com\/labelledecoteau\/\",\"https:\/\/www.instagram.com\/labelledecoteaudulac\/?hl=fr\"]}]}<\/script>\n<!-- \/ Yoast SEO plugin. -->","yoast_head_json":{"title":"Welcome to the Belle of Coteau-du-Lac \u2022","robots":{"index":"index","follow":"follow","max-snippet":"max-snippet:-1","max-image-preview":"max-image-preview:large","max-video-preview":"max-video-preview:-1"},"canonical":"https:\/\/labelledecoteaudulac.com\/en\/","og_locale":"en_US","og_type":"article","og_title":"Bienvenue \u00e0 la Belle de Coteau-du-Lac &#8226;","og_description":"Bienvenue \u00e0 La Belle de Coteau-du-Lac, o\u00f9 la passion de l&rsquo;agriculture se m\u00eale au plaisir de la d\u00e9couverte ! Depuis 2015, La Belle de Coteau-du-Lac cultive avec passion une vari\u00e9t\u00e9 de petits fruits et de l\u00e9gumes. Depuis 2018, notre ferme familiale,\u00a0nich\u00e9e au c\u0153ur de la Mont\u00e9r\u00e9gie,\u00a0vous offre une exp\u00e9rience agrotouristique unique et authentique au Qu\u00e9bec.&hellip; Continue reading Bienvenue \u00e0 la Belle de Coteau-du-Lac","og_url":"https:\/\/labelledecoteaudulac.com\/en\/","article_publisher":"https:\/\/www.facebook.com\/labelledecoteau\/","article_modified_time":"2025-09-16T17:54:01+00:00","og_image":[{"width":1024,"height":683,"url":"https:\/\/labelledecoteaudulac.com\/wp-content\/uploads\/2023\/05\/DSC6266-1024x683.jpg","type":"image\/jpeg"}],"twitter_card":"summary_large_image","twitter_misc":{"Est. reading time":"6 minutes"},"schema":{"@context":"https:\/\/schema.org","@graph":[{"@type":"WebPage","@id":"https:\/\/labelledecoteaudulac.com\/","url":"https:\/\/labelledecoteaudulac.com\/","name":"Welcome to the Belle of Coteau-du-Lac \u2022","isPartOf":{"@id":"https:\/\/labelledecoteaudulac.com\/#website"},"primaryImageOfPage":{"@id":"https:\/\/labelledecoteaudulac.com\/#primaryimage"},"image":{"@id":"https:\/\/labelledecoteaudulac.com\/#primaryimage"},"thumbnailUrl":"https:\/\/i0.wp.com\/labelledecoteaudulac.com\/wp-content\/uploads\/2023\/05\/DSC6266.jpg?fit=3600%2C2400&ssl=1","datePublished":"2019-03-29T23:54:28+00:00","dateModified":"2025-09-16T17:54:01+00:00","breadcrumb":{"@id":"https:\/\/labelledecoteaudulac.com\/#breadcrumb"},"inLanguage":"en-CA","potentialAction":[{"@type":"ReadAction","target":["https:\/\/labelledecoteaudulac.com\/"]}]},{"@type":"ImageObject","inLanguage":"en-CA","@id":"https:\/\/labelledecoteaudulac.com\/#primaryimage","url":"https:\/\/i0.wp.com\/labelledecoteaudulac.com\/wp-content\/uploads\/2023\/05\/DSC6266.jpg?fit=3600%2C2400&ssl=1","contentUrl":"https:\/\/i0.wp.com\/labelledecoteaudulac.com\/wp-content\/uploads\/2023\/05\/DSC6266.jpg?fit=3600%2C2400&ssl=1","width":3600,"height":2400},{"@type":"BreadcrumbList","@id":"https:\/\/labelledecoteaudulac.com\/#breadcrumb","itemListElement":[{"@type":"ListItem","position":1,"name":"Accueil","item":"https:\/\/labelledecoteaudulac.com\/"},{"@type":"ListItem","position":2,"name":"Bienvenue \u00e0 la Belle de Coteau-du-Lac"}]},{"@type":"WebSite","@id":"https:\/\/labelledecoteaudulac.com\/#website","url":"https:\/\/labelledecoteaudulac.com\/","name":"The Beauty of Coteau-du-Lac","description":"A family, a farm, tasty fruits, vegetables and meats, original activities and memorable memories!","publisher":{"@id":"https:\/\/labelledecoteaudulac.com\/#organization"},"potentialAction":[{"@type":"SearchAction","target":{"@type":"EntryPoint","urlTemplate":"https:\/\/labelledecoteaudulac.com\/?s={search_term_string}"},"query-input":{"@type":"PropertyValueSpecification","valueRequired":true,"valueName":"search_term_string"}}],"inLanguage":"en-CA"},{"@type":"Organization","@id":"https:\/\/labelledecoteaudulac.com\/#organization","name":"The Beauty of Coteau-du-Lac","url":"https:\/\/labelledecoteaudulac.com\/","logo":{"@type":"ImageObject","inLanguage":"en-CA","@id":"https:\/\/labelledecoteaudulac.com\/#\/schema\/logo\/image\/","url":"https:\/\/i2.wp.com\/labelledecoteaudulac.com\/wp-content\/uploads\/2019\/03\/labelledecoteaudulac_logo1.jpg?fit=664%2C435&ssl=1","contentUrl":"https:\/\/i2.wp.com\/labelledecoteaudulac.com\/wp-content\/uploads\/2019\/03\/labelledecoteaudulac_logo1.jpg?fit=664%2C435&ssl=1","width":664,"height":435,"caption":"La Belle de Coteau-du-lac"},"image":{"@id":"https:\/\/labelledecoteaudulac.com\/#\/schema\/logo\/image\/"},"sameAs":["https:\/\/www.facebook.com\/labelledecoteau\/","https:\/\/www.instagram.com\/labelledecoteaudulac\/?hl=fr"]}]}},"jetpack_likes_enabled":true,"jetpack_sharing_enabled":true,"jetpack_shortlink":"https:\/\/wp.me\/PaM3LI-28","amp_enabled":false,"_links":{"self":[{"href":"https:\/\/labelledecoteaudulac.com\/en\/wp-json\/wp\/v2\/pages\/132","targetHints":{"allow":["GET"]}}],"collection":[{"href":"https:\/\/labelledecoteaudulac.com\/en\/wp-json\/wp\/v2\/pages"}],"about":[{"href":"https:\/\/labelledecoteaudulac.com\/en\/wp-json\/wp\/v2\/types\/page"}],"author":[{"embeddable":true,"href":"https:\/\/labelledecoteaudulac.com\/en\/wp-json\/wp\/v2\/users\/153206297"}],"replies":[{"embeddable":true,"href":"https:\/\/labelledecoteaudulac.com\/en\/wp-json\/wp\/v2\/comments?post=132"}],"version-history":[{"count":100,"href":"https:\/\/labelledecoteaudulac.com\/en\/wp-json\/wp\/v2\/pages\/132\/revisions"}],"predecessor-version":[{"id":6558,"href":"https:\/\/labelledecoteaudulac.com\/en\/wp-json\/wp\/v2\/pages\/132\/revisions\/6558"}],"wp:featuredmedia":[{"embeddable":true,"href":"https:\/\/labelledecoteaudulac.com\/en\/wp-json\/wp\/v2\/media\/3589"}],"wp:attachment":[{"href":"https:\/\/labelledecoteaudulac.com\/en\/wp-json\/wp\/v2\/media?parent=132"}],"wp:term":[{"taxonomy":"post_tag","embeddable":true,"href":"https:\/\/labelledecoteaudulac.com\/en\/wp-json\/wp\/v2\/tags?post=132"}],"curies":[{"name":"wp","href":"https:\/\/api.w.org\/{rel}","templated":true}]}}